{"id":311,"date":"2018-03-06T12:37:27","date_gmt":"2018-03-06T12:37:27","guid":{"rendered":"http:\/\/www.telelux.es\/wordpress\/?page_id=311"},"modified":"2018-04-18T13:56:33","modified_gmt":"2018-04-18T13:56:33","slug":"antenes-tv-sat-dab","status":"publish","type":"page","link":"https:\/\/www.telelux.es\/ca\/telecomunicacions\/antenes-tv-sat-dab\/","title":{"rendered":"Antenes Tdt \/ Sat \/ FM \/ DAB"},"content":{"rendered":"<div id=\"pl-311\"  class=\"panel-layout\" ><div id=\"pg-311-0\"  class=\"panel-grid panel-has-style\" ><div class=\"siteorigin-panels-stretch panel-row-style-full-width panel-row-style panel-row-style-for-311-0\" style=\"background-color: #ffa216; \" data-stretch-type=\"full\" ><div id=\"pgc-311-0-0\"  class=\"panel-grid-cell\" ><div id=\"panel-311-0-0-0\" class=\"so-panel widget widget_sow-button panel-first-child panel-last-child\" data-index=\"0\" ><div\n\t\t\t\n\t\t\tclass=\"so-widget-sow-button so-widget-sow-button-atom-d2be72e14d64-311\"\n\t\t\t\n\t\t><div class=\"ow-button-base ow-button-align-justify\">\n\t<a\n\thref=\"#tdt\"\n\t\tclass=\"ow-icon-placement-left ow-button-hover\" \t>\n\t\t<span>\n\t\t\t<div class=\"sow-icon-image\" style=\"background-image: url(https:\/\/www.telelux.es\/wp-content\/uploads\/2018\/03\/antenna-2206074_960_720-150x150.jpg)\"><\/div>\n\t\t\tIndividuals\t\t<\/span>\n\t<\/a>\n<\/div>\n<\/div><\/div><\/div><div id=\"pgc-311-0-1\"  class=\"panel-grid-cell\" ><div id=\"panel-311-0-1-0\" class=\"so-panel widget widget_sow-button panel-first-child panel-last-child\" data-index=\"1\" ><div\n\t\t\t\n\t\t\tclass=\"so-widget-sow-button so-widget-sow-button-atom-d2be72e14d64-311\"\n\t\t\t\n\t\t><div class=\"ow-button-base ow-button-align-justify\">\n\t<a\n\thref=\"#antenes_colectives\"\n\t\tclass=\"ow-icon-placement-left ow-button-hover\" \t>\n\t\t<span>\n\t\t\t<div class=\"sow-icon-image\" style=\"background-image: url(https:\/\/www.telelux.es\/wp-content\/uploads\/2018\/03\/islas-estelas-obra-nueva-valle-de-mena-150x150.jpg)\"><\/div>\n\t\t\tCol\u00b7lectives\t\t<\/span>\n\t<\/a>\n<\/div>\n<\/div><\/div><\/div><div id=\"pgc-311-0-2\"  class=\"panel-grid-cell\" ><div id=\"panel-311-0-2-0\" class=\"so-panel widget widget_sow-button panel-first-child panel-last-child\" data-index=\"2\" ><div\n\t\t\t\n\t\t\tclass=\"so-widget-sow-button so-widget-sow-button-atom-d2be72e14d64-311\"\n\t\t\t\n\t\t><div class=\"ow-button-base ow-button-align-justify\">\n\t<a\n\thref=\"#sat\"\n\t\tclass=\"ow-icon-placement-left ow-button-hover\" \t>\n\t\t<span>\n\t\t\t<div class=\"sow-icon-image\" style=\"background-image: url(https:\/\/www.telelux.es\/wp-content\/uploads\/2018\/03\/antenna-233349_960_720-150x150.jpg)\"><\/div>\n\t\t\tTv. Sat\t\t<\/span>\n\t<\/a>\n<\/div>\n<\/div><\/div><\/div><div id=\"pgc-311-0-3\"  class=\"panel-grid-cell\" ><div id=\"panel-311-0-3-0\" class=\"so-panel widget widget_sow-button panel-first-child panel-last-child\" data-index=\"3\" ><div\n\t\t\t\n\t\t\tclass=\"so-widget-sow-button so-widget-sow-button-atom-d2be72e14d64-311\"\n\t\t\t\n\t\t><div class=\"ow-button-base ow-button-align-justify\">\n\t<a\n\thref=\"#MANT\"\n\t\tclass=\"ow-icon-placement-left ow-button-hover\" \t>\n\t\t<span>\n\t\t\t<div class=\"sow-icon-image\" style=\"background-image: url(https:\/\/www.telelux.es\/wp-content\/uploads\/2018\/03\/cog-wheels-2125178_960_720-150x150.jpg)\"><\/div>\n\t\t\tManteniments\t\t<\/span>\n\t<\/a>\n<\/div>\n<\/div><\/div><\/div><div id=\"pgc-311-0-4\"  class=\"panel-grid-cell\" ><div id=\"panel-311-0-4-0\" class=\"so-panel widget widget_sow-button panel-first-child panel-last-child\" data-index=\"4\" ><div\n\t\t\t\n\t\t\tclass=\"so-widget-sow-button so-widget-sow-button-atom-d2be72e14d64-311\"\n\t\t\t\n\t\t><div class=\"ow-button-base ow-button-align-justify\">\n\t<a\n\thref=\"#consulta\"\n\t\tclass=\"ow-icon-placement-left ow-button-hover\" \t>\n\t\t<span>\n\t\t\t<span class=\"sow-icon-fontawesome sow-fas\" data-sow-icon=\"&#xf26d;\"\n\t\tstyle=\"color: #ffac1e\" \n\t\taria-hidden=\"true\"><\/span>\n\t\t\tContacta'ns\t\t<\/span>\n\t<\/a>\n<\/div>\n<\/div><\/div><\/div><\/div><\/div><div id=\"pg-311-1\"  class=\"panel-grid panel-has-style\" ><div class=\"siteorigin-panels-stretch panel-row-style-full-width panel-row-style panel-row-style-for-311-1\" data-stretch-type=\"full-stretched\" ><div id=\"pgc-311-1-0\"  class=\"panel-grid-cell\" ><div id=\"panel-311-1-0-0\" class=\"so-panel widget widget_sow-editor panel-first-child panel-last-child\" data-index=\"5\" ><div class=\"panel-widget-style panel-widget-style-for-311-1-0-0\" ><div\n\t\t\t\n\t\t\tclass=\"so-widget-sow-editor so-widget-sow-editor-base\"\n\t\t\t\n\t\t>\n<div class=\"siteorigin-widget-tinymce textwidget\">\n\t<p><a name=\"tdt\"><\/a><\/p>\n<h1 style=\"color: #fff;\">ANTENES INDIVIDUALS<\/h1>\n<\/div>\n<\/div><\/div><\/div><\/div><\/div><\/div><div id=\"pg-311-2\"  class=\"panel-grid panel-no-style\" ><div id=\"pgc-311-2-0\"  class=\"panel-grid-cell\" ><div id=\"panel-311-2-0-0\" class=\"so-panel widget widget_sow-editor panel-first-child panel-last-child\" data-index=\"6\" ><div\n\t\t\t\n\t\t\tclass=\"so-widget-sow-editor so-widget-sow-editor-base\"\n\t\t\t\n\t\t>\n<div class=\"siteorigin-widget-tinymce textwidget\">\n\t<h2><\/h2>\n<h2><img decoding=\"async\" loading=\"lazy\" class=\"size-medium wp-image-2246 alignleft\" style=\"font-size: 16px;\" src=\"http:\/\/www.telelux.es\/wp-content\/uploads\/2018\/04\/pixelacion-300x167.jpg\" alt=\"\" width=\"300\" height=\"167\" srcset=\"https:\/\/www.telelux.es\/wp-content\/uploads\/2018\/04\/pixelacion-300x167.jpg 300w, https:\/\/www.telelux.es\/wp-content\/uploads\/2018\/04\/pixelacion.jpg 700w\" sizes=\"(max-width: 300px) 100vw, 300px\" \/><\/h2>\n<h2>Pixelacions, mala qualitat de senyal, Talls constants en les emissions de TDT?<\/h2>\n<p>Amb l\u2019arribada de la TDT el principals problemes apareixen en les xarxes de distribuci\u00f3 i no pas a peu d\u2019antena o en els amplificadors. Abans d\u2019aventurar-se a canviar antenes, amplificadors, cablejats, \u00e9s recomanable realitzar un estudi de la instal\u00b7laci\u00f3 i un diagn\u00f2stic del funcionament. Aix\u00ed treballem a Telelux, us elaborem un pressupost sense cap comprom\u00eds, i sempre despr\u00e9s d\u2019analitzar les instal\u00b7lacions.<\/p>\n<p><img decoding=\"async\" loading=\"lazy\" class=\"size-medium wp-image-2250 alignright\" src=\"http:\/\/www.telelux.es\/wp-content\/uploads\/2018\/04\/TDTSAT-300x169.jpg\" alt=\"\" width=\"300\" height=\"169\" srcset=\"https:\/\/www.telelux.es\/wp-content\/uploads\/2018\/04\/TDTSAT-300x169.jpg 300w, https:\/\/www.telelux.es\/wp-content\/uploads\/2018\/04\/TDTSAT-768x432.jpg 768w, https:\/\/www.telelux.es\/wp-content\/uploads\/2018\/04\/TDTSAT.jpg 800w\" sizes=\"(max-width: 300px) 100vw, 300px\" \/><\/p>\n<h2>Vius en una zona que no es veu tota la tdt?<\/p>\n<p>Viatjes en autocarabana i vols veure la tdt a tot arreu?<\/h2>\n<p>Oferim la sol\u00b7luci\u00f3 definitiva per acabar amb els problemes de recepci\u00f2 de la tdt, la tdt per satel\u00b7lit.<br \/>\nEs tracta d'un sistema de recepci\u00f3 de tots els continguts de la tdt nacional a trav\u00e9s del satel\u00b7lit Hispasat, nom\u00e8s cal veure el cel per assegurar-se el correcte funcionament, sol\u00b7licita'ns informaci\u00f3 mes amplia sobre aquest sistema de recepci\u00f3 de la tdt.<\/p>\n<p><img decoding=\"async\" loading=\"lazy\" class=\"alignnone size-medium wp-image-2251\" src=\"http:\/\/www.telelux.es\/wp-content\/uploads\/2018\/04\/TODA-LA-TDT-300x155.jpg\" alt=\"\" width=\"300\" height=\"155\" srcset=\"https:\/\/www.telelux.es\/wp-content\/uploads\/2018\/04\/TODA-LA-TDT-300x155.jpg 300w, https:\/\/www.telelux.es\/wp-content\/uploads\/2018\/04\/TODA-LA-TDT.jpg 456w\" sizes=\"(max-width: 300px) 100vw, 300px\" \/><\/p>\n<p>Treballem a tota la provincia de Tarragona i Barcelona. Oferim pressupostos sense comprom\u00eds a les poblacions del Baix Penedes, Alt Penedes, Garraf i Tarragones: El Vendrell, Roda de bara, Creixell, Comarruga, Coma-ruga, Francas, Francaset, Bonastre, Mas Lloren\u00e7, Altafulla, Torredembarra, Nau de Gaia, riera de gaia, Pallaresos, Calafell, Segur de Calafell, Cunit, Creixell, Cubelles, Tarragona, Bellvei, L'arbo\u00e7, Rocallisa, Santa Margarida i els Monjos, els Monjos, Clariana, Santa Oliva, Lloren\u00e7, Banyeresdel Penedes, Priorat de Banyeres, Sant Jaume del Domenys, La Bisbal del Penedes, Papiolet, Priorat de la Bisbal, Rodonya, Mirador del Penedes, Atalaya Mediterranea, La Juncosa del Montmell, El Montmell, Les Peces, Albinyana, La Papiola, Bonaterra, Nou vendrell...<\/p>\n<\/div>\n<\/div><\/div><\/div><\/div><div id=\"pg-311-3\"  class=\"panel-grid panel-has-style\" ><div class=\"siteorigin-panels-stretch panel-row-style-full-width panel-row-style panel-row-style-for-311-3\" data-stretch-type=\"full-stretched\" ><div id=\"pgc-311-3-0\"  class=\"panel-grid-cell\" ><div id=\"panel-311-3-0-0\" class=\"so-panel widget widget_sow-editor panel-first-child panel-last-child\" data-index=\"7\" ><div class=\"panel-widget-style panel-widget-style-for-311-3-0-0\" ><div\n\t\t\t\n\t\t\tclass=\"so-widget-sow-editor so-widget-sow-editor-base\"\n\t\t\t\n\t\t>\n<div class=\"siteorigin-widget-tinymce textwidget\">\n\t<p><a name=\"antenes_colectives\"><\/a><\/p>\n<h1 style=\"color: #fff;\">ANTENES COL\u00b7LECTIVES<\/h1>\n<\/div>\n<\/div><\/div><\/div><\/div><\/div><\/div><div id=\"pg-311-4\"  class=\"panel-grid panel-no-style\" ><div id=\"pgc-311-4-0\"  class=\"panel-grid-cell\" ><div id=\"panel-311-4-0-0\" class=\"so-panel widget widget_sow-editor panel-first-child panel-last-child\" data-index=\"8\" ><div\n\t\t\t\n\t\t\tclass=\"so-widget-sow-editor so-widget-sow-editor-base\"\n\t\t\t\n\t\t>\n<div class=\"siteorigin-widget-tinymce textwidget\">\n\t<p>En els cas de necessitar un t\u00e8cnic per ampliar, reparar, instal\u2022lar o revisar l\u2019antena col\u2022lectiva, posem a disposici\u00f3 de les comunitats la possibilitat de sol\u2022licitar-nos pressupost sense cap mena de comprom\u00eds. Actualment, i nom\u00e9s a la comarca del Baix Penedes, treballem en m\u00e9s de 1500 comunitat.<\/p>\n<p>La nostra serietat, transpar\u00e8ncia i professionalitat fa que moltes comunitats cansades de no resoldre els problemes constants en la recepci\u00f3 dels canals de Tv. desitgin treballar amb nosaltres. Els administradors de finques m\u00e9s importants de les comarques del Baix Pened\u00e9s, Garraf, Alt Pened\u00e9s, Tarragones i Alt Camp ho saben i per aix\u00f2 treballen amb nosaltres.<\/p>\n<p>Oferim el millor servei de reparaci\u00f3 i d'instal\u00b7laci\u00f3 d'antenes colectives, i per aquelles comunitats cansades de reunions i de despesses extres per reparar l'antena col\u00b7lectives, per ampliar canals, etc. oferim el contracte de manteniment mes complert del mercat i sense competencies, el contracte de manteniment integral.<\/p>\n<\/div>\n<\/div><\/div><\/div><\/div><div id=\"pg-311-5\"  class=\"panel-grid panel-has-style\" ><div class=\"siteorigin-panels-stretch panel-row-style-full-width panel-row-style panel-row-style-for-311-5\" data-stretch-type=\"full-stretched\" ><div id=\"pgc-311-5-0\"  class=\"panel-grid-cell\" ><div id=\"panel-311-5-0-0\" class=\"so-panel widget widget_sow-editor panel-first-child panel-last-child\" data-index=\"9\" ><div class=\"panel-widget-style panel-widget-style-for-311-5-0-0\" ><div\n\t\t\t\n\t\t\tclass=\"so-widget-sow-editor so-widget-sow-editor-base\"\n\t\t\t\n\t\t>\n<div class=\"siteorigin-widget-tinymce textwidget\">\n\t<p><a name=\"sat\"><\/a><\/p>\n<h1 style=\"color: #FFF;\">Tv. SATEL\u00b7LIT<\/h1>\n<\/div>\n<\/div><\/div><\/div><\/div><\/div><\/div><div id=\"pg-311-6\"  class=\"panel-grid panel-no-style\" ><div id=\"pgc-311-6-0\"  class=\"panel-grid-cell\" ><div id=\"panel-311-6-0-0\" class=\"so-panel widget widget_sow-editor panel-first-child panel-last-child\" data-index=\"10\" ><div\n\t\t\t\n\t\t\tclass=\"so-widget-sow-editor so-widget-sow-editor-base\"\n\t\t\t\n\t\t>\n<div class=\"siteorigin-widget-tinymce textwidget\">\n\t<p class=\"rtejustify\"><em>Des dels inicis de la recepci\u00f3 de la TV per sat\u00e8l\u2022lit, hem estat sempre en l\u2019avantguarda d\u2019aquesta tecnologia.<\/em><br \/><em>En l\u2019actualitat oferim serveis de recepci\u00f3 de canals via sat\u00e8l\u2022lit,\u00a0 tant per particular com per a comunitat i col\u2022lectivitats.<\/em><br \/><em>Per\u00f2 no nom\u00e9s s\u2019hi donen canals de TV per sat\u00e8l\u2022lit; actualment a trav\u00e9s dels sat\u00e8l\u2022lits tamb\u00e9 estem oferint acc\u00e9s a Internet, Telefonia IP i els canals de TDT estatals i de diversos pa\u00efsos.<\/em><\/p>\n<table border=\"1\" cellspacing=\"1\" cellpadding=\"1\" align=\"center\">\n<tbody>\n<tr>\n<td class=\"rtecenter\"><img decoding=\"async\" loading=\"lazy\" src=\"http:\/\/www.telelux.es\/sites\/default\/files\/resize\/andalucia-100x100.jpg\" alt=\"\" width=\"100\" height=\"100\" \/><\/td>\n<td class=\"rtecenter\"><img decoding=\"async\" loading=\"lazy\" src=\"http:\/\/www.telelux.es\/sites\/default\/files\/resize\/galicia-100x68.jpg\" alt=\"\" width=\"100\" height=\"68\" \/><\/td>\n<td class=\"rtecenter\">\u00a0<\/td>\n<td>\n<p class=\"rtejustify\"><strong>Ara pots disfrutar de la Tv. Auton\u00f3mica Andalusa i gallega\u00a0<u>sense pagar quotes mensuals<\/u>.<\/strong><\/p>\n<p class=\"rtejustify\"><strong>Oferim una oferta web per a particulars:<\/strong><br \/>Kit d'instal\u00b7laci\u00f3 b\u00e0sica (Parab\u00f2lica de 60Cm. amb lnb, fins a 20 Mts. de cable, suport i connectors) amb receptor de Tv. sat\u00e8l\u00b7lit per 121,00 \u20ac amb IVA incl\u00f2s instal\u00b7lat al teu domicili.<\/p>\n<p class=\"rtejustify\">Aquesta Oferta en unicament v\u00e0lida per a instal\u00b7lacions a les poblacions i les seves urbanitzacions de:<br \/>El Vendrell, Santa Oliva, Banyeres, Lloren\u00e7 del Penedes, La Bisbal del Penedes, Sant Jaume dels Domenys, Bellvei, L'Arbo\u00e7, Albinyana, Calafell, Segur de Calafell, Cunit, Comarruga, Roda de bar\u00e0, Creixell.<\/p>\n<\/td>\n<\/tr>\n<\/tbody>\n<\/table>\n<h2>\u00a0<\/h2>\n<h2>Plataformes de TDT estrangeres:<\/h2>\n<table border=\"1\" cellspacing=\"1\" cellpadding=\"1\" align=\"center\">\n<tbody>\n<tr>\n<td><img decoding=\"async\" loading=\"lazy\" src=\"http:\/\/www.telelux.es\/sites\/default\/files\/resize\/tnt_0-100x81.jpg\" alt=\"\" width=\"100\" height=\"81\" \/><\/td>\n<td><img decoding=\"async\" loading=\"lazy\" src=\"http:\/\/www.telelux.es\/sites\/default\/files\/resize\/tnt_1-100x77.jpg\" alt=\"\" width=\"100\" height=\"77\" \/><\/td>\n<td>\n<p class=\"rtejustify\"><strong>Tota la tdt fran\u00e7esa al teu avast amb ASTRA.<\/strong><\/p>\n<p class=\"rtejustify\">A trav\u00e9s del sat\u00e8l\u00b7lit ASTRA podreu accedir a tota la programaci\u00f3 de la TNT SAT, que es el que aqu\u00ed anomanem la tdt per\u00f2 amb tota la programaci\u00f3 de Fran\u00e7a: TF1, 2, 3, M6, arte...<br \/>El receptor inclou una tarja que un cop activada us donara acc\u00e9s a tota la TNT durant 4 anys, passat aquest temps la tarja s'ha de renovar, el seu preu de renovaci\u00f3 a l'any 2013 es de 15\u20ac i s'ha d'aquirir a Fran\u00e7a.<\/p>\n<p class=\"rtejustify\"><strong>Oferim una oferta web per a particulars:<\/strong><br \/>Kit d'instal\u00b7laci\u00f3 b\u00e0sica (Parab\u00f2lica de 60Cm. amb lnb, fins a 20 Mts. de cable, suport i connectors) amb receptor de TNT SAT (HD)per 249,00 \u20ac amb IVA incl\u00f2s instal\u00b7lat al teu domicili.<\/p>\n<p class=\"rtejustify\">Aquesta Oferta en unicament v\u00e0lida per a instal\u00b7lacions a les poblacions i les seves urbanitzacions de:<br \/>El Vendrell, Santa Oliva, Banyeres, Lloren\u00e7 del Penedes, La Bisbal del Penedes, Sant Jaume dels Domenys, Bellvei, L'Arbo\u00e7, Albinyana, Calafell, Segur de Calafell, Cunit, Comarruga, Roda de bar\u00e0, Creixell.<\/p>\n<\/td>\n<\/tr>\n<tr>\n<td>\u00a0<\/td>\n<td>\u00a0<\/td>\n<td>\u00a0<\/td>\n<\/tr>\n<tr>\n<td><img decoding=\"async\" loading=\"lazy\" src=\"http:\/\/www.telelux.es\/sites\/default\/files\/resize\/fransat_0-100x44.jpg\" alt=\"\" width=\"100\" height=\"44\" \/><\/td>\n<td><img decoding=\"async\" loading=\"lazy\" src=\"http:\/\/www.telelux.es\/sites\/default\/files\/resize\/fransat_1-100x138.jpg\" alt=\"\" width=\"100\" height=\"138\" \/><\/td>\n<td>\n<p class=\"rtejustify\"><strong>Tota la tdt fran\u00e7esa al teu avast amb Atlantic Bird.<\/strong><\/p>\n<p class=\"rtejustify\">A trav\u00e9s del sat\u00e8l\u00b7lit AtlanciBird podreu accedir a tota la programaci\u00f3 de la TNT SAT, que es el que aqu\u00ed anomanem la tdt per\u00f2 amb tota la programaci\u00f3 de Fran\u00e7a: TF1, 2, 3, M6, arte...<br \/>El receptor inclou una tarja que un cop activada us donara acc\u00e9s a tota la TNT de manera indefinida, el comprom\u00eds del operador es no cambiar les tarjetes a no ser que obrin el sistema d'encriptaci\u00f3 de manera fraudolenta.<\/p>\n<p class=\"rtejustify\"><strong>Oferim una oferta web per a particulars:<\/strong><br \/>Kit d'instal\u00b7laci\u00f3 b\u00e0sica (Parab\u00f2lica de 60Cm. amb lnb, fins a 20 Mts. de cable, suport i connectors) amb receptor de TNT SAT (HD)per 249,00 \u20ac amb IVA incl\u00f2s instal\u00b7lat al teu domicili.<\/p>\n<p class=\"rtejustify\">Aquesta Oferta en unicament v\u00e0lida per a instal\u00b7lacions a les poblacions i les seves urbanitzacions de:<br \/>El Vendrell, Santa Oliva, Banyeres, Lloren\u00e7 del Penedes, La Bisbal del Penedes, Sant Jaume dels Domenys, Bellvei, L'Arbo\u00e7, Albinyana, Calafell, Segur de Calafell, Cunit, Comarruga, Roda de bar\u00e0, Creixell.<\/p>\n<\/td>\n<\/tr>\n<\/tbody>\n<\/table>\n<h1><strong>Canals internacionals:<\/strong><\/h1>\n<p class=\"rtejustify\">Us assesorem en la recepci\u00f3 de canal estrangers de qualsevol lloc del mon: Anglesos, alemanys, russos, \u00e0rabs, francesos, italians,sud-americans ....<\/p>\n<p class=\"rtejustify\"><em>Sol\u00b7liciteu els vostre pressupostos sense comprom\u00eds.<\/em><\/p>\n<table border=\"1\" cellspacing=\"1\" cellpadding=\"1\" align=\"center\">\n<tbody>\n<tr>\n<td><img decoding=\"async\" loading=\"lazy\" src=\"http:\/\/www.telelux.es\/sites\/default\/files\/resize\/cubavision-80x104.jpg\" alt=\"\" width=\"80\" height=\"104\" \/><\/td>\n<td><img decoding=\"async\" loading=\"lazy\" src=\"http:\/\/www.telelux.es\/sites\/default\/files\/resize\/aljazeera-80x89.jpg\" alt=\"\" width=\"80\" height=\"89\" \/><\/td>\n<td><img decoding=\"async\" loading=\"lazy\" src=\"http:\/\/www.telelux.es\/sites\/default\/files\/resize\/cnbc-80x60.jpg\" alt=\"\" width=\"80\" height=\"60\" \/><\/td>\n<td><img decoding=\"async\" loading=\"lazy\" src=\"http:\/\/www.telelux.es\/sites\/default\/files\/resize\/cnn-100x100.jpg\" alt=\"\" width=\"100\" height=\"100\" \/><\/td>\n<td><img decoding=\"async\" loading=\"lazy\" src=\"http:\/\/www.telelux.es\/sites\/default\/files\/resize\/rai_uno-100x43.jpg\" alt=\"\" width=\"100\" height=\"43\" \/><\/td>\n<td><img decoding=\"async\" loading=\"lazy\" src=\"http:\/\/www.telelux.es\/sites\/default\/files\/resize\/bloomberg-100x37.jpg\" alt=\"\" width=\"100\" height=\"37\" \/><\/td>\n<td><img decoding=\"async\" loading=\"lazy\" src=\"http:\/\/www.telelux.es\/sites\/default\/files\/resize\/tv5-130x44.jpg\" alt=\"\" width=\"130\" height=\"44\" \/><\/td>\n<td><img decoding=\"async\" loading=\"lazy\" src=\"http:\/\/www.telelux.es\/sites\/default\/files\/resize\/rusia-100x75.jpg\" alt=\"\" width=\"100\" height=\"75\" \/><\/td>\n<\/tr>\n<\/tbody>\n<\/table>\n<\/div>\n<\/div><\/div><\/div><\/div><div id=\"pg-311-7\"  class=\"panel-grid panel-has-style\" ><div class=\"siteorigin-panels-stretch panel-row-style-full-width panel-row-style panel-row-style-for-311-7\" data-stretch-type=\"full-stretched\" ><div id=\"pgc-311-7-0\"  class=\"panel-grid-cell\" ><div id=\"panel-311-7-0-0\" class=\"so-panel widget widget_sow-editor panel-first-child panel-last-child\" data-index=\"11\" ><div class=\"panel-widget-style panel-widget-style-for-311-7-0-0\" ><div\n\t\t\t\n\t\t\tclass=\"so-widget-sow-editor so-widget-sow-editor-base\"\n\t\t\t\n\t\t>\n<div class=\"siteorigin-widget-tinymce textwidget\">\n\t<p><a name=\"MANT\"><\/a><\/p>\n<h1 style=\"color: #FFF;\">MANTENIMENTS<\/h1>\n<\/div>\n<\/div><\/div><\/div><\/div><\/div><\/div><div id=\"pg-311-8\"  class=\"panel-grid panel-no-style\" ><div id=\"pgc-311-8-0\"  class=\"panel-grid-cell\" ><div id=\"panel-311-8-0-0\" class=\"so-panel widget widget_sow-editor panel-first-child panel-last-child\" data-index=\"12\" ><div\n\t\t\t\n\t\t\tclass=\"so-widget-sow-editor so-widget-sow-editor-base\"\n\t\t\t\n\t\t>\n<div class=\"siteorigin-widget-tinymce textwidget\">\n\t<p>\u00a0<\/p>\n<p>La sol\u00b7luci\u00f3 definitiva per a comunitats de ve\u00efns:<br \/> Manteniment integral<\/p>\n<p>-Que cobreix el manteniment?<br \/> Tot: Ajustos, ampliacions de canals, avaries, reorientaci\u00f3 d\u2019antenes, materials, despla\u00e7aments i m\u00e0 d\u2019obra.<\/p>\n<p>-Que no cobreix?<br \/> L\u2019\u00fanica cosa que no cobreix el manteniment integral es all\u00f2 que habitualment cobreixen les companyies asseguradores, caiguda de llamp, inundaci\u00f3, robatori, actes de vandalisme, incendi. \u00c9s per aix\u00f2 que sempre recomanem que reviseu la vostra p\u00f2lissa d\u2019assegurances de la comunitat.<\/p>\n<p>-Quin cost t\u00e9?<br \/> Comunitats amb un m\u00e0xim de 10 ve\u00efns per cap\u00e7alera amplificadora 120,00 l\u2019any.<br \/> Comunitats amb 11 o m\u00e9s ve\u00efns per cap\u00e7alera, 1\u20ac al mes per ve\u00ed.<br \/> Exemple: una comunitat d\u2019una \u00fanica escala de 14 vens pagaria 1\u20ac al mes x 14 vens x 12 mesos que te l\u2019any = 168,00 \u20ac)<\/p>\n<p>-La volem contractar, ho accepteu tot?<br \/> No. Sempre, abans de signar qualsevol contracte de manteniment els nostres t\u00e8cnics han de revisar les instal\u00b7lacions per verificar l\u2019estat en qu\u00e8 es troben. En el cas d\u2019existir anomalies greus aquestes s\u2019han de esmenar abans de signar el manteniment, per\u00f2 sempre oferirem la millor oferta en el cas d\u2019existir el comprom\u00eds per part de la comunitat de signar el manteniment despr\u00e8s de la reparaci\u00f3.<br \/> Exemple real: en una comunitat 38 ve\u00efns no tenen tots els canals de TDT. De fet nom\u00e9s veuen els 7 canals principals, i l\u2019ampliaci\u00f3 dels canals que falten puja 900,00 \u20ac. La nostra oferta seria la seg\u00fcent:<br \/> Signatura del contracte de manteniment per 2 anys 456,00\u20ac\/l\u2019any; pagament del contracte en un sol cop i assolim l\u2019ampliaci\u00f3 sense c\u00e0rrec addicional.<\/p>\n<\/div>\n<\/div><\/div><\/div><\/div><div id=\"pg-311-9\"  class=\"panel-grid panel-has-style\" ><div class=\"siteorigin-panels-stretch panel-row-style-full-width panel-row-style panel-row-style-for-311-9\" data-stretch-type=\"full-stretched\" ><div id=\"pgc-311-9-0\"  class=\"panel-grid-cell\" ><div id=\"panel-311-9-0-0\" class=\"widget_text so-panel widget widget_custom_html panel-first-child panel-last-child\" data-index=\"13\" ><div class=\"textwidget custom-html-widget\">\n<div class=\"wpcf7 no-js\" id=\"wpcf7-f806-o1\" lang=\"es-ES\" dir=\"ltr\">\n<div class=\"screen-reader-response\"><p role=\"status\" aria-live=\"polite\" aria-atomic=\"true\"><\/p> <ul><\/ul><\/div>\n<form action=\"\/ca\/wp-json\/wp\/v2\/pages\/311#wpcf7-f806-o1\" method=\"post\" class=\"wpcf7-form init\" aria-label=\"Formulario de contacto\" novalidate=\"novalidate\" data-status=\"init\">\n<div style=\"display: none;\">\n<input type=\"hidden\" name=\"_wpcf7\" value=\"806\" \/>\n<input type=\"hidden\" name=\"_wpcf7_version\" value=\"5.7.7\" \/>\n<input type=\"hidden\" name=\"_wpcf7_locale\" value=\"es_ES\" \/>\n<input type=\"hidden\" name=\"_wpcf7_unit_tag\" value=\"wpcf7-f806-o1\" \/>\n<input type=\"hidden\" name=\"_wpcf7_container_post\" value=\"0\" \/>\n<input type=\"hidden\" name=\"_wpcf7_posted_data_hash\" value=\"\" \/>\n<input type=\"hidden\" name=\"_wpcf7_recaptcha_response\" value=\"\" \/>\n<\/div>\n<div style=\"width:70%; padding:0; margin-left: auto; margin-right: auto;\">\n\t<h4 style=\"text-align: center; margin-bottom: 2rem;\"><i class=\"fa fa-comments-o\"><\/i> FES-NOS LA TEVA CONSULTA\n\t<\/h4>\n\t<div style=\"width: 45%; display: inline-block; margin: 0; vertical-align: top;\">\n\t\t<p><span class=\"wpcf7-form-control-wrap\" data-name=\"your-name\"><input size=\"40\" class=\"wpcf7-form-control wpcf7-text wpcf7-validates-as-required\" aria-required=\"true\" aria-invalid=\"false\" value=\"El teu nom*\" type=\"text\" name=\"your-name\" \/><\/span>\n\t\t<\/p>\n\t\t<p><span class=\"wpcf7-form-control-wrap\" data-name=\"your-email\"><input size=\"40\" class=\"wpcf7-form-control wpcf7-text wpcf7-email wpcf7-validates-as-required wpcf7-validates-as-email\" aria-required=\"true\" aria-invalid=\"false\" value=\"El teu email*\" type=\"email\" name=\"your-email\" \/><\/span>\n\t\t<\/p>\n\t\t<p><span class=\"wpcf7-form-control-wrap\" data-name=\"your-subject\"><input size=\"40\" class=\"wpcf7-form-control wpcf7-text\" aria-invalid=\"false\" value=\"Assumpte\" type=\"text\" name=\"your-subject\" \/><\/span>\n\t\t<\/p>\n\t\t<p>Els camps marcats amb * s\u00f3n obligatoris.\n\t\t<\/p>\n\t<\/div>\n\t<div style=\"width: 50%; display: inline-block; margin: 0\">\n\t\t<p><span class=\"wpcf7-form-control-wrap\" data-name=\"your-message\"><textarea cols=\"50\" rows=\"4\" class=\"wpcf7-form-control wpcf7-textarea wpcf7-validates-as-required\" aria-required=\"true\" aria-invalid=\"false\" name=\"your-message\">Escriu aqu\u00ed el teu missatge*<\/textarea><\/span>\n\t\t<\/p>\n\t\t<p><span class=\"wpcf7-form-control-wrap\" data-name=\"acceptance-854\"><span class=\"wpcf7-form-control wpcf7-acceptance\"><span class=\"wpcf7-list-item\"><label><input type=\"checkbox\" name=\"acceptance-854\" value=\"1\" aria-invalid=\"false\" \/><span class=\"wpcf7-list-item-label\">He leido y acepto la <a href=\"\/politica-de-privacidad\">politica de privacidad<\/a><\/span><\/label><\/span><\/span><\/span>\n\t\t<\/p>\n\t\t<p>\n\t\t<input class=\"wpcf7-form-control has-spinner wpcf7-submit\" type=\"submit\" value=\"Enviar\" \/>\n\t\t<\/p>\n\t<\/div>\n<\/div><p style=\"display: none !important;\"><label>&#916;<textarea name=\"_wpcf7_ak_hp_textarea\" cols=\"45\" rows=\"8\" maxlength=\"100\"><\/textarea><\/label><input type=\"hidden\" id=\"ak_js_1\" name=\"_wpcf7_ak_js\" value=\"75\"\/><script>document.getElementById( \"ak_js_1\" ).setAttribute( \"value\", ( new Date() ).getTime() );<\/script><\/p><div class=\"wpcf7-response-output\" aria-hidden=\"true\"><\/div>\n<\/form>\n<\/div>\n\n<a name=\"consulta\"><\/a><\/div><\/div><\/div><\/div><\/div><\/div>","protected":false},"excerpt":{"rendered":"<p>ANTENES INDIVIDUALS<\/p>\n","protected":false},"author":2,"featured_media":0,"parent":306,"menu_order":0,"comment_status":"closed","ping_status":"closed","template":"templates\/template-full.php","meta":[],"aioseo_notices":[],"_links":{"self":[{"href":"https:\/\/www.telelux.es\/ca\/wp-json\/wp\/v2\/pages\/311"}],"collection":[{"href":"https:\/\/www.telelux.es\/ca\/wp-json\/wp\/v2\/pages"}],"about":[{"href":"https:\/\/www.telelux.es\/ca\/wp-json\/wp\/v2\/types\/page"}],"author":[{"embeddable":true,"href":"https:\/\/www.telelux.es\/ca\/wp-json\/wp\/v2\/users\/2"}],"replies":[{"embeddable":true,"href":"https:\/\/www.telelux.es\/ca\/wp-json\/wp\/v2\/comments?post=311"}],"version-history":[{"count":199,"href":"https:\/\/www.telelux.es\/ca\/wp-json\/wp\/v2\/pages\/311\/revisions"}],"predecessor-version":[{"id":2310,"href":"https:\/\/www.telelux.es\/ca\/wp-json\/wp\/v2\/pages\/311\/revisions\/2310"}],"up":[{"embeddable":true,"href":"https:\/\/www.telelux.es\/ca\/wp-json\/wp\/v2\/pages\/306"}],"wp:attachment":[{"href":"https:\/\/www.telelux.es\/ca\/wp-json\/wp\/v2\/media?parent=311"}],"curies":[{"name":"wp","href":"https:\/\/api.w.org\/{rel}","templated":true}]}}